{"id":28,"date":"2020-06-11T07:27:50","date_gmt":"2020-06-11T07:27:50","guid":{"rendered":"http:\/\/ninzio.com\/worksquare\/?page_id=28"},"modified":"2025-03-12T08:39:08","modified_gmt":"2025-03-12T08:39:08","slug":"coworking-madrid","status":"publish","type":"page","link":"https:\/\/ilcoworking.es\/en\/coworking-madrid\/","title":{"rendered":"Coworking"},"content":{"rendered":"<div class=\"wpb-content-wrapper\"><div class=\"vc_row wpb_row vc_row-fluid position-relative\"><div class=\"wpb_column vc_column_container vc_col-sm-12\"><div class=\"vc_column-inner\"><div class=\"wpb_wrapper\">\n\t\t\t\t<p class=\"rs-p-wp-fix\"><\/p>\n\t\t\t\t<sr7-module data-alias=\"Coworking\" data-id=\"8\" id=\"SR7_8_1\" class=\"rs-ov-hidden\" data-version=\"6.7.54\">\n\t\t\t\t\t<sr7-adjuster><\/sr7-adjuster>\n\t\t\t\t\t<sr7-content>\n\t\t\t\t\t\t<sr7-slide id=\"SR7_8_1-8\" data-key=\"8\">\n\t\t\t\t\t\t\t<sr7-bg id=\"SR7_8_1-8-4\" class=\"sr7-layer\"><noscript><img decoding=\"async\" src=\"https:\/\/ilcoworking.es\/wp-content\/uploads\/2024\/02\/IlCoworking_Arancha_24-02-05_11-36-27-scaled.jpg\" alt=\"\" title=\"IlCoworking_Arancha_24-02-05_11-36-27\"><\/noscript><\/sr7-bg>\n\t\t\t\t\t\t\t<sr7-txt id=\"SR7_8_1-8-0\" class=\"sr7-layer\"><span class=\"heading-font\">Coworking en el centro de Madrid<\/span><\/sr7-txt>\n\t\t\t\t\t\t\t<sr7-txt id=\"SR7_8_1-8-1\" class=\"sr7-layer\">Un espacio de coworking acorde a tus necesidades, ya seas una pyme, un joven empresario o startup en crecimiento.<\/sr7-txt>\n\t\t\t\t\t\t<\/sr7-slide>\n\t\t\t\t\t\t<sr7-slide id=\"SR7_8_1-24\" data-key=\"24\">\n\t\t\t\t\t\t<\/sr7-slide>\n\t\t\t\t\t<\/sr7-content>\n\t\t\t\t\t<image_lists style=\"display:none\">\n\t\t\t\t\t\t<img data-src=\"\/\/ilcoworking.es\/wp-content\/uploads\/2024\/02\/IlCoworking_Arancha_24-02-05_11-36-27-scaled.jpg\" data-libid=\"3270\" data-lib=\"medialibrary\" title=\"IlCoworking_Arancha_24-02-05_11-36-27\" width=\"0\" height=\"0\" data-dbsrc=\"Ly9pbGNvd29ya2luZy5lcy93cC1jb250ZW50L3VwbG9hZHMvMjAyNC8wMi9JbENvd29ya2luZ19BcmFuY2hhXzI0LTAyLTA1XzExLTM2LTI3LXNjYWxlZC5qcGc=\"\/>\n\t\t\t\t\t<\/image_lists>\n\t\t\t\t<\/sr7-module>\n\t\t\t\t<script>\n\t\t\t\t\twindow.SR7 ??={};SR7.PMH ??={}; SR7.PMH[\"SR7_8_1\"] = {cn:100,state:false,fn: function() { if (window._tpt!==undefined && window._tpt.prepareModuleHeight !== undefined) {  _tpt.prepareModuleHeight({id:\"SR7_8_1\",el:[780,780,960,960,860],type:'standard',shdw:'0',gh:[780,780,960,960,860],gw:[1170,1170,1024,778,480],vpt:['100px&#039;,&#039;100px&#039;,&#039;100px&#039;,&#039;100px&#039;,&#039;100px'],size:{fullWidth:true, fullHeight:false},mh:'0',onh:0,onw:0,bg:{color:'{\"orig\":\"transparent\",\"type\":\"solid\",\"string\":\"transparent\"}'},plType:'0',plColor:'#FFFFFF'});   SR7.PMH[\"SR7_8_1\"].state=true;} else if(SR7.PMH[\"SR7_8_1\"].cn-->0)\tsetTimeout( SR7.PMH[\"SR7_8_1\"].fn,19);}};SR7.PMH[\"SR7_8_1\" ].fn();\n\t\t\t\t<\/script>\n<\/div><\/div><\/div><\/div><div class=\"vc_row wpb_row vc_row-fluid position-relative\"><div class=\"wpb_column vc_column_container vc_col-sm-12\"><div class=\"vc_column-inner\"><div class=\"wpb_wrapper\"><div class=\"deeper-spacer clearfix\" data-config='{\"desktop\":80,\"mobile\":80,\"smobile\":80}'><\/div><h1 class=\"deeper-text align-center \" style=\"font-size:16px;font-weight:600;letter-spacing:-0.2px;margin-bottom:16px;color:#074883;font-family:Open Sans;\" ><span>COWORKING EN CHAMBER\u00cd, EN EL CENTRO DE MADRID<\/span>\n<\/h1><div class=\"deeper-spacer clearfix\" data-config='{\"desktop\":20,\"mobile\":20,\"smobile\":20}'><\/div><h3 class=\"deeper-text align-center  mobi-size-32\" style=\"font-size:39px;letter-spacing:-0.2px;margin-bottom:40px;\" ><span>LUMINOSOS, EQUIPADOS Y ACOGEDORES.<br \/>\nAs\u00ed son los espacios compartidos de trabajo que tenemos para ti.<\/span>\n<\/h3><div class=\"vc_row wpb_row vc_inner vc_row-fluid\"><div class=\"wpb_column vc_column_container vc_col-sm-12\"><div class=\"vc_column-inner\"><div class=\"wpb_wrapper\"><div class=\"deeper-text align-left \" style=\"\" ><p style=\"text-align: center;\">Trabaja con flexibilidad en el coraz\u00f3n de Madrid con <strong>ILCOWORKING &amp; LEGAL SERVICES<\/strong>. Nuestros espacios modernos y totalmente equipados est\u00e1n dise\u00f1ados para impulsar la colaboraci\u00f3n, la creatividad y la innovaci\u00f3n, creando el entorno perfecto para emprendedores, pymes, startups y profesionales independientes.<\/span>\n<\/div><\/div><\/div><\/div><\/div><\/div><\/div><\/div><\/div><div data-vc-full-width=\"true\" data-vc-full-width-init=\"false\" class=\"vc_row wpb_row vc_row-fluid vc_custom_1741373632359 vc_row-has-fill position-relative\"><div class=\"wpb_column vc_column_container vc_col-sm-12\"><div class=\"vc_column-inner\"><div class=\"wpb_wrapper\"><div class=\"deeper-spacer clearfix\" data-config='{\"desktop\":90,\"mobile\":80,\"smobile\":80}'><\/div><h5 class=\"deeper-text align-center \" style=\"font-size:16px;font-weight:600;letter-spacing:-0.2px;margin-bottom:16px;color:#074883;font-family:Open Sans;\" ><span>ESPACIOS DE TRABAJO<\/span>\n<div id=\"gtx-trans\" style=\"position: absolute; left: -10px; top: -14.4444px;\">\n<div class=\"gtx-trans-icon\"><\/div>\n<\/div>\n<\/h5><h2 class=\"deeper-text align-center  mobi-size-32\" style=\"font-size:39px;letter-spacing:-0.2px;margin-bottom:40px;\" ><span><span>Estos son nuestros espacios de trabajo compartido. Elige el plan que mejor se adapte a ti.<\/span><\/span>\n<div id=\"gtx-trans\" style=\"position: absolute; left: -19px; top: -14.4444px;\">\n<div class=\"gtx-trans-icon\"><\/div>\n<\/div>\n<\/h2><div class=\"deeper-spacer clearfix\" data-config='{\"desktop\":60,\"mobile\":50,\"smobile\":50}'><\/div><\/div><\/div><\/div><div class=\"hover-effect-1 wpb_column vc_column_container vc_col-sm-6 vc_col-md-4\"><div class=\"vc_column-inner\"><div class=\"wpb_wrapper\">\n\t<div  class=\"wpb_single_image wpb_content_element vc_align_left wpb_content_element\">\n\t\t\n\t\t<figure class=\"wpb_wrapper vc_figure\">\n\t\t\t<div class=\"vc_single_image-wrapper   vc_box_border_grey\"><img decoding=\"async\" class=\"vc_single_image-img \" src=\"https:\/\/ilcoworking.es\/wp-content\/uploads\/2024\/10\/Foto-ILCOWORKING-REAL-MOMENT-1-scaled-409x300.jpeg\" width=\"409\" height=\"300\" alt=\"coworking startups Madrid\" title=\"Foto ILCOWORKING REAL MOMENT (1)\" \/><\/div>\n\t\t<\/figure>\n\t<\/div>\n<div class=\" wow fadeInLeft\"  data-wow-duration=\"0.75s\" data-wow-delay=\"0.5s\">\r\n\t\t\t\t\t\t<div class=\"deeper-price-box align-center \" style=\"overflow:hidden;border-radius:0px;\" >\r\n\t\t\t\t\t\t\t<h2 class=\"plan-name \" style=\"color:#1d2b36;\">Puesto Flexible<\/h2><div class=\"price \" style=\"color:#1d2b36;\"><span class=\"price-inner\"><span class=\"prefix \" style=\"color:#1d2b36;\">Desde<\/span> \u20ac10<span class=\"suffix \" style=\"color:#1d2b36;\">\/media jornada<\/span><\/span><\/div>\r\n\t\t\t\t\t\t\t<div class=\"url-wrap  align-center\">\r\n\t\t\t\t\t\t<a class=\"deeper-button button-accent small\" style=\"\" href=#form >Contr\u00e1talo ahora<\/a>\r\n\t\t\t\t\t<\/div>\r\n\t\t\t\t\t\t<\/div>\r\n\t\t\t\t\t<\/div><div class=\"deeper-spacer clearfix\" data-config='{\"desktop\":40,\"mobile\":30,\"smobile\":30}'><\/div><div  class=\"vc_do_toggle vc_toggle vc_toggle_text_only vc_toggle_color_default  vc_toggle_size_md\"><div class=\"vc_toggle_title\"><h2 style=\"font-size: 30px;color: #000000;text-align: center\" class=\"vc_custom_heading vc_do_custom_heading\" >\u00bfQu\u00e9 incluye?<\/h2><i class=\"vc_toggle_icon\"><\/i><\/div><div class=\"vc_toggle_content\"><ul>\n<li>Secretaria de apoyo<\/li>\n<li>Servicio de reprograf\u00eda<\/li>\n<li>Wifi gratuita<\/li>\n<li>Zonas de descanso, recepci\u00f3n de clientes y coffee break<\/li>\n<li><span>Servicios complementarios a petici\u00f3n del cliente<\/span><\/li>\n<\/ul>\n<\/div><\/div><div class=\"deeper-spacer clearfix\" data-config='{\"desktop\":100,\"mobile\":30,\"smobile\":30}'><\/div><\/div><\/div><\/div><div class=\"z-index-9999 hover-effect-1 wpb_column vc_column_container vc_col-sm-6 vc_col-md-4\"><div class=\"vc_column-inner\"><div class=\"wpb_wrapper\">\n\t<div  class=\"wpb_single_image wpb_content_element vc_align_left wpb_content_element\">\n\t\t\n\t\t<figure class=\"wpb_wrapper vc_figure\">\n\t\t\t<div class=\"vc_single_image-wrapper   vc_box_border_grey\"><img decoding=\"async\" class=\"vc_single_image-img \" src=\"https:\/\/ilcoworking.es\/wp-content\/uploads\/2024\/03\/ILCoworking_24-02-28_13-35-15-scaled-409x300.jpg\" width=\"409\" height=\"300\" alt=\"ILCoworking_24-02-28_13-35-15\" title=\"ILCoworking_24-02-28_13-35-15\" \/><\/div>\n\t\t<\/figure>\n\t<\/div>\n<div class=\" wow fadeInUp\"  data-wow-duration=\"0.75s\" data-wow-delay=\"0.3s\">\r\n\t\t\t\t\t\t<div class=\"deeper-price-box align-center \" style=\"overflow:hidden;border-radius:0px;\" >\r\n\t\t\t\t\t\t\t<h2 class=\"plan-name \" style=\"\">Bono Semanal<\/h2><div class=\"price \" style=\"color:#1d2b36;\"><span class=\"price-inner\"><span class=\"prefix \" style=\"color:#1d2b36;\">Desde<\/span> \u20ac75<span class=\"suffix \" style=\"color:#1d2b36;\">\/semanal<\/span><\/span><\/div>\r\n\t\t\t\t\t\t\t<div class=\"url-wrap  align-center\">\r\n\t\t\t\t\t\t<a class=\"deeper-button button-accent small\" style=\"\" href=#form >Contr\u00e1talo ahora<\/a>\r\n\t\t\t\t\t<\/div>\r\n\t\t\t\t\t\t<\/div>\r\n\t\t\t\t\t<\/div><div class=\"deeper-spacer clearfix\" data-config='{\"desktop\":40,\"mobile\":30,\"smobile\":30}'><\/div><div  class=\"vc_do_toggle vc_toggle vc_toggle_text_only vc_toggle_color_default  vc_toggle_size_md\"><div class=\"vc_toggle_title\"><h2 style=\"font-size: 30px;color: #000000;text-align: center\" class=\"vc_custom_heading vc_do_custom_heading\" >\u00bfQu\u00e9 incluye?<\/h2><i class=\"vc_toggle_icon\"><\/i><\/div><div class=\"vc_toggle_content\"><ul>\n<li>Secretaria de apoyo<\/li>\n<li>Servicio de reprograf\u00eda<\/li>\n<li>Wifi gratuita<\/li>\n<li>Zonas de descanso, recepci\u00f3n de clientes y coffee break<\/li>\n<li><span>Servicios complementarios a petici\u00f3n del cliente<\/span><\/li>\n<\/ul>\n<\/div><\/div><div class=\"deeper-spacer clearfix\" data-config='{\"desktop\":100,\"mobile\":30,\"smobile\":30}'><\/div><\/div><\/div><\/div><div class=\"z-index-9999 hover-effect-1 wpb_column vc_column_container vc_col-sm-6 vc_col-md-4\"><div class=\"vc_column-inner\"><div class=\"wpb_wrapper\">\n\t<div  class=\"wpb_single_image wpb_content_element vc_align_left wpb_content_element\">\n\t\t\n\t\t<figure class=\"wpb_wrapper vc_figure\">\n\t\t\t<div class=\"vc_single_image-wrapper   vc_box_border_grey\"><img decoding=\"async\" class=\"vc_single_image-img \" src=\"https:\/\/ilcoworking.es\/wp-content\/uploads\/2024\/02\/image001-scaled-409x300.jpg\" width=\"409\" height=\"300\" alt=\"image001\" title=\"image001\" \/><\/div>\n\t\t<\/figure>\n\t<\/div>\n<div class=\" wow fadeInRight\"  data-wow-duration=\"0.75s\" data-wow-delay=\"0.5s\">\r\n\t\t\t\t\t\t<div class=\"deeper-price-box align-center \" style=\"overflow:hidden;border-radius:0px;\" >\r\n\t\t\t\t\t\t\t<h2 class=\"plan-name \" style=\"color:#1d2b36;\">Bono Mensual<\/h2><div class=\"price \" style=\"color:#1d2b36;\"><span class=\"price-inner\"><span class=\"prefix \" style=\"color:#1d2b36;\">Desde<\/span> \u20ac295<span class=\"suffix \" style=\"color:#1d2b36;\">\/mes<\/span><\/span><\/div>\r\n\t\t\t\t\t\t\t<div class=\"url-wrap  align-center\">\r\n\t\t\t\t\t\t<a class=\"deeper-button button-accent small\" style=\"\" href=#form >Contr\u00e1talo ahora<\/a>\r\n\t\t\t\t\t<\/div>\r\n\t\t\t\t\t\t<\/div>\r\n\t\t\t\t\t<\/div><div class=\"deeper-spacer clearfix\" data-config='{\"desktop\":40,\"mobile\":30,\"smobile\":30}'><\/div><div  class=\"vc_do_toggle vc_toggle vc_toggle_text_only vc_toggle_color_default  vc_toggle_size_md\"><div class=\"vc_toggle_title\"><h2 style=\"font-size: 30px;color: #000000;text-align: center\" class=\"vc_custom_heading vc_do_custom_heading\" >\u00bfQu\u00e9 incluye?<\/h2><i class=\"vc_toggle_icon\"><\/i><\/div><div class=\"vc_toggle_content\"><ul>\n<li>Secretaria de apoyo<\/li>\n<li>Servicio de reprograf\u00eda<\/li>\n<li>Wifi gratuita<\/li>\n<li>Zonas de descanso, recepci\u00f3n de clientes y coffee break<\/li>\n<li>Dos horas de salas de reuni\u00f3n mensuales<\/li>\n<li><span>Servicios complementarios a petici\u00f3n del cliente<\/span><\/li>\n<\/ul>\n<div id=\"gtx-trans\" style=\"position: absolute; left: -42px; top: -14.4444px;\">\n<div class=\"gtx-trans-icon\"><\/div>\n<\/div>\n<\/div><\/div><div class=\"deeper-spacer clearfix\" data-config='{\"desktop\":60,\"mobile\":30,\"smobile\":30}'><\/div><\/div><\/div><\/div><\/div><div class=\"vc_row-full-width vc_clearfix\"><\/div><div data-vc-full-width=\"true\" data-vc-full-width-init=\"false\" class=\"vc_row wpb_row vc_row-fluid vc_custom_1741695679773 vc_row-has-fill position-relative\"><div class=\"hover-effect-1 wpb_column vc_column_container vc_col-sm-6 vc_col-md-4\"><div class=\"vc_column-inner\"><div class=\"wpb_wrapper\"><\/div><\/div><\/div><div class=\"z-index-9999 hover-effect-1 wpb_column vc_column_container vc_col-sm-6 vc_col-md-4\"><div class=\"vc_column-inner\"><div class=\"wpb_wrapper\"><\/div><\/div><\/div><div class=\"z-index-9999 hover-effect-1 wpb_column vc_column_container vc_col-sm-6 vc_col-md-4\"><div class=\"vc_column-inner\"><div class=\"wpb_wrapper\"><\/div><\/div><\/div><\/div><div class=\"vc_row-full-width vc_clearfix\"><\/div><div data-vc-full-width=\"true\" data-vc-full-width-init=\"false\" class=\"vc_row wpb_row vc_row-fluid vc_custom_1741368010292 vc_row-has-fill position-relative\"><div class=\"wpb_column vc_column_container vc_col-sm-12\"><div class=\"vc_column-inner\"><div class=\"wpb_wrapper\"><div class=\"deeper-spacer clearfix\" data-config='{\"desktop\":60,\"mobile\":50,\"smobile\":50}'><\/div><h2 class=\"deeper-text align-center \" style=\"font-size:28px;letter-spacing:-0.2px;\" ><h4 style=\"text-align: center;\"><span style=\"color: #ffffff;\">Comunidad: Mira lo que dicen los coworkers que conf\u00edan en ILCOWORKING<\/span><\/h4>\n<div id=\"gtx-trans\" style=\"position: absolute; left: 51px; top: -15.3333px;\">\n<div class=\"gtx-trans-icon\"><\/div>\n<\/div>\n<\/h2><div class=\"deeper-spacer clearfix\" data-config='{\"desktop\":50,\"mobile\":50,\"smobile\":50}'><\/div>\n\t<div class=\"wpb_text_column wpb_content_element\" >\n\t\t<div class=\"wpb_wrapper\">\n\t\t\t<pre class=\"ti-widget\"><template id=\"trustindex-google-widget-html\"><div class=\" ti-widget  ti-goog ti-review-text-mode-readmore ti-text-align-left\" data-no-translation=\"true\" data-time-locale=\"hace %d %s|hoy|d\u00eda|d\u00edas|semana|semanas|mes|meses|a\u00f1o|a\u00f1os\" data-plugin-version=\"13.2.9\" data-layout-id=\"4\" data-layout-category=\"slider\" data-set-id=\"ligth-border\" data-pid=\"\" data-language=\"es\" data-close-locale=\"Cerca\" data-review-target-width=\"300\" data-css-version=\"2\" data-reply-by-locale=\"Respuesta del propietario\" data-only-rating-locale=\"Esta usuario solo dej\u00f3 una calificaci\u00f3n.\" data-pager-autoplay-timeout=\"6\"> <div class=\"ti-widget-container ti-col-3\"> <div class=\"ti-reviews-container\"> <div class=\"ti-controls\"> <div class=\"ti-next\" aria-label=\"Siguiente rese\u00f1a\" role=\"button\" tabindex=\"0\"><\/div> <div class=\"ti-prev\" aria-label=\"Rese\u00f1a anterior\" role=\"button\" tabindex=\"0\"><\/div> <\/div> <div class=\"ti-reviews-container-wrapper\">  <div data-empty=\"0\" data-time=\"1751932800\" class=\"ti-review-item source-Google ti-image-layout-thumbnail\" data-id=\"cfcd208495d565ef66e7dff9f98764da\"> <div class=\"ti-inner\"> <div class=\"ti-review-header\"> <div class=\"ti-platform-icon ti-with-tooltip\"> <span class=\"ti-tooltip\">Publicado en <\/span> <trustindex-image data-imgurl=\"https:\/\/cdn.trustindex.io\/assets\/platform\/Google\/icon.svg\" alt=\"\" width=\"20\" height=\"20\" loading=\"lazy\"><\/trustindex-image> <\/div> <div class=\"ti-profile-img\"> <trustindex-image data-imgurl=\"https:\/\/lh3.googleusercontent.com\/a-\/ALV-UjUQOoqJV8BrRbR9VgaODNiP2bvSxLmXPlWB2vpqAJ7mjQ8dMnKe=w40-h40-c-rp-mo-br100\" alt=\"Alex Goffa profile picture\" loading=\"lazy\"><\/trustindex-image> <\/div> <div class=\"ti-profile-details\"> <div class=\"ti-name\"> Alex Goffa <\/div> <div class=\"ti-date\"><\/div> <\/div> <\/div> <span class=\"ti-stars\"><trustindex-image class=\"ti-star\" data-imgurl=\"https:\/\/cdn.trustindex.io\/assets\/platform\/Google\/star\/f.svg\" alt=\"Google star 1\" width=\"17\" height=\"17\" loading=\"lazy\"><\/trustindex-image><trustindex-image class=\"ti-star\" data-imgurl=\"https:\/\/cdn.trustindex.io\/assets\/platform\/Google\/star\/f.svg\" alt=\"Google star 2\" width=\"17\" height=\"17\" loading=\"lazy\"><\/trustindex-image><trustindex-image class=\"ti-star\" data-imgurl=\"https:\/\/cdn.trustindex.io\/assets\/platform\/Google\/star\/f.svg\" alt=\"Google star 3\" width=\"17\" height=\"17\" loading=\"lazy\"><\/trustindex-image><trustindex-image class=\"ti-star\" data-imgurl=\"https:\/\/cdn.trustindex.io\/assets\/platform\/Google\/star\/f.svg\" alt=\"Google star 4\" width=\"17\" height=\"17\" loading=\"lazy\"><\/trustindex-image><trustindex-image class=\"ti-star\" data-imgurl=\"https:\/\/cdn.trustindex.io\/assets\/platform\/Google\/star\/f.svg\" alt=\"Google star 5\" width=\"17\" height=\"17\" loading=\"lazy\"><\/trustindex-image><span class=\"ti-verified-review ti-verified-platform\"><span class=\"ti-verified-tooltip\">Trustindex verifica que la fuente original de la rese\u00f1a sea Google.<\/span><\/span><\/span> <div class=\"ti-review-text-container ti-review-content\"><!-- R-CONTENT -->Muy majos!<!-- R-CONTENT --><\/div> <span class=\"ti-read-more\" data-container=\".ti-review-content\" data-collapse-text=\"Ocultar\" data-open-text=\"Leer m\u00e1s\"><\/span> <\/div> <\/div>  <div data-empty=\"0\" data-time=\"1750723200\" class=\"ti-review-item source-Google ti-image-layout-thumbnail\" data-id=\"cfcd208495d565ef66e7dff9f98764da\"> <div class=\"ti-inner\"> <div class=\"ti-review-header\"> <div class=\"ti-platform-icon ti-with-tooltip\"> <span class=\"ti-tooltip\">Publicado en <\/span> <trustindex-image data-imgurl=\"https:\/\/cdn.trustindex.io\/assets\/platform\/Google\/icon.svg\" alt=\"\" width=\"20\" height=\"20\" loading=\"lazy\"><\/trustindex-image> <\/div> <div class=\"ti-profile-img\"> <trustindex-image data-imgurl=\"https:\/\/lh3.googleusercontent.com\/a-\/ALV-UjUuJfxvbfz5toFdguTYEhUl0STrjlVdka59rDJBMCkT-AHzcEcjag=w40-h40-c-rp-mo-br100\" alt=\"Andrea Andreu profile picture\" loading=\"lazy\"><\/trustindex-image> <\/div> <div class=\"ti-profile-details\"> <div class=\"ti-name\"> Andrea Andreu <\/div> <div class=\"ti-date\"><\/div> <\/div> <\/div> <span class=\"ti-stars\"><trustindex-image class=\"ti-star\" data-imgurl=\"https:\/\/cdn.trustindex.io\/assets\/platform\/Google\/star\/f.svg\" alt=\"Google star 1\" width=\"17\" height=\"17\" loading=\"lazy\"><\/trustindex-image><trustindex-image class=\"ti-star\" data-imgurl=\"https:\/\/cdn.trustindex.io\/assets\/platform\/Google\/star\/f.svg\" alt=\"Google star 2\" width=\"17\" height=\"17\" loading=\"lazy\"><\/trustindex-image><trustindex-image class=\"ti-star\" data-imgurl=\"https:\/\/cdn.trustindex.io\/assets\/platform\/Google\/star\/f.svg\" alt=\"Google star 3\" width=\"17\" height=\"17\" loading=\"lazy\"><\/trustindex-image><trustindex-image class=\"ti-star\" data-imgurl=\"https:\/\/cdn.trustindex.io\/assets\/platform\/Google\/star\/f.svg\" alt=\"Google star 4\" width=\"17\" height=\"17\" loading=\"lazy\"><\/trustindex-image><trustindex-image class=\"ti-star\" data-imgurl=\"https:\/\/cdn.trustindex.io\/assets\/platform\/Google\/star\/f.svg\" alt=\"Google star 5\" width=\"17\" height=\"17\" loading=\"lazy\"><\/trustindex-image><span class=\"ti-verified-review ti-verified-platform\"><span class=\"ti-verified-tooltip\">Trustindex verifica que la fuente original de la rese\u00f1a sea Google.<\/span><\/span><\/span> <div class=\"ti-review-text-container ti-review-content\"><!-- R-CONTENT -->Espacio acogedor y la atenci\u00f3n recibida super amable y r\u00e1pida<!-- R-CONTENT --><\/div> <span class=\"ti-read-more\" data-container=\".ti-review-content\" data-collapse-text=\"Ocultar\" data-open-text=\"Leer m\u00e1s\"><\/span> <\/div> <\/div>  <div data-empty=\"0\" data-time=\"1749686400\" class=\"ti-review-item source-Google ti-image-layout-thumbnail\" data-id=\"cfcd208495d565ef66e7dff9f98764da\"> <div class=\"ti-inner\"> <div class=\"ti-review-header\"> <div class=\"ti-platform-icon ti-with-tooltip\"> <span class=\"ti-tooltip\">Publicado en <\/span> <trustindex-image data-imgurl=\"https:\/\/cdn.trustindex.io\/assets\/platform\/Google\/icon.svg\" alt=\"\" width=\"20\" height=\"20\" loading=\"lazy\"><\/trustindex-image> <\/div> <div class=\"ti-profile-img\"> <trustindex-image data-imgurl=\"https:\/\/lh3.googleusercontent.com\/a\/ACg8ocIGkhyHmID1kLwe4M4F2nXe-LKymdHZj0QqV8Ih1WoiKOe_WQ=w40-h40-c-rp-mo-br100\" alt=\"Magdalena Runje profile picture\" loading=\"lazy\"><\/trustindex-image> <\/div> <div class=\"ti-profile-details\"> <div class=\"ti-name\"> Magdalena Runje <\/div> <div class=\"ti-date\"><\/div> <\/div> <\/div> <span class=\"ti-stars\"><trustindex-image class=\"ti-star\" data-imgurl=\"https:\/\/cdn.trustindex.io\/assets\/platform\/Google\/star\/f.svg\" alt=\"Google star 1\" width=\"17\" height=\"17\" loading=\"lazy\"><\/trustindex-image><trustindex-image class=\"ti-star\" data-imgurl=\"https:\/\/cdn.trustindex.io\/assets\/platform\/Google\/star\/f.svg\" alt=\"Google star 2\" width=\"17\" height=\"17\" loading=\"lazy\"><\/trustindex-image><trustindex-image class=\"ti-star\" data-imgurl=\"https:\/\/cdn.trustindex.io\/assets\/platform\/Google\/star\/f.svg\" alt=\"Google star 3\" width=\"17\" height=\"17\" loading=\"lazy\"><\/trustindex-image><trustindex-image class=\"ti-star\" data-imgurl=\"https:\/\/cdn.trustindex.io\/assets\/platform\/Google\/star\/f.svg\" alt=\"Google star 4\" width=\"17\" height=\"17\" loading=\"lazy\"><\/trustindex-image><trustindex-image class=\"ti-star\" data-imgurl=\"https:\/\/cdn.trustindex.io\/assets\/platform\/Google\/star\/f.svg\" alt=\"Google star 5\" width=\"17\" height=\"17\" loading=\"lazy\"><\/trustindex-image><span class=\"ti-verified-review ti-verified-platform\"><span class=\"ti-verified-tooltip\">Trustindex verifica que la fuente original de la rese\u00f1a sea Google.<\/span><\/span><\/span> <div class=\"ti-review-text-container ti-review-content\"><!-- R-CONTENT -->Great working space that is cozy and well-equipped, with a perfect location. Meeting rooms are available when needed, and the owners are always kind and welcoming. Would definitely recommend!<!-- R-CONTENT --><\/div> <span class=\"ti-read-more\" data-container=\".ti-review-content\" data-collapse-text=\"Ocultar\" data-open-text=\"Leer m\u00e1s\"><\/span> <\/div> <\/div>  <div data-empty=\"0\" data-time=\"1749081600\" class=\"ti-review-item source-Google ti-image-layout-thumbnail\" data-id=\"cfcd208495d565ef66e7dff9f98764da\"> <div class=\"ti-inner\"> <div class=\"ti-review-header\"> <div class=\"ti-platform-icon ti-with-tooltip\"> <span class=\"ti-tooltip\">Publicado en <\/span> <trustindex-image data-imgurl=\"https:\/\/cdn.trustindex.io\/assets\/platform\/Google\/icon.svg\" alt=\"\" width=\"20\" height=\"20\" loading=\"lazy\"><\/trustindex-image> <\/div> <div class=\"ti-profile-img\"> <trustindex-image data-imgurl=\"https:\/\/lh3.googleusercontent.com\/a\/ACg8ocLiv4DNyNnREdAsPQ1gM8ko0fIniORPpfyeNKAVsCCDiXFV4Q=w40-h40-c-rp-mo-br100\" alt=\"Esther Abell\u00e1n Gald\u00f3s profile picture\" loading=\"lazy\"><\/trustindex-image> <\/div> <div class=\"ti-profile-details\"> <div class=\"ti-name\"> Esther Abell\u00e1n Gald\u00f3s <\/div> <div class=\"ti-date\"><\/div> <\/div> <\/div> <span class=\"ti-stars\"><trustindex-image class=\"ti-star\" data-imgurl=\"https:\/\/cdn.trustindex.io\/assets\/platform\/Google\/star\/f.svg\" alt=\"Google star 1\" width=\"17\" height=\"17\" loading=\"lazy\"><\/trustindex-image><trustindex-image class=\"ti-star\" data-imgurl=\"https:\/\/cdn.trustindex.io\/assets\/platform\/Google\/star\/f.svg\" alt=\"Google star 2\" width=\"17\" height=\"17\" loading=\"lazy\"><\/trustindex-image><trustindex-image class=\"ti-star\" data-imgurl=\"https:\/\/cdn.trustindex.io\/assets\/platform\/Google\/star\/f.svg\" alt=\"Google star 3\" width=\"17\" height=\"17\" loading=\"lazy\"><\/trustindex-image><trustindex-image class=\"ti-star\" data-imgurl=\"https:\/\/cdn.trustindex.io\/assets\/platform\/Google\/star\/f.svg\" alt=\"Google star 4\" width=\"17\" height=\"17\" loading=\"lazy\"><\/trustindex-image><trustindex-image class=\"ti-star\" data-imgurl=\"https:\/\/cdn.trustindex.io\/assets\/platform\/Google\/star\/f.svg\" alt=\"Google star 5\" width=\"17\" height=\"17\" loading=\"lazy\"><\/trustindex-image><span class=\"ti-verified-review ti-verified-platform\"><span class=\"ti-verified-tooltip\">Trustindex verifica que la fuente original de la rese\u00f1a sea Google.<\/span><\/span><\/span> <div class=\"ti-review-text-container ti-review-content\"><!-- R-CONTENT -->Todo perfecto. Trato muy amable y buenas instalaciones<!-- R-CONTENT --><\/div> <span class=\"ti-read-more\" data-container=\".ti-review-content\" data-collapse-text=\"Ocultar\" data-open-text=\"Leer m\u00e1s\"><\/span> <\/div> <\/div>  <div data-empty=\"0\" data-time=\"1748390400\" class=\"ti-review-item source-Google ti-image-layout-thumbnail\" data-id=\"cfcd208495d565ef66e7dff9f98764da\"> <div class=\"ti-inner\"> <div class=\"ti-review-header\"> <div class=\"ti-platform-icon ti-with-tooltip\"> <span class=\"ti-tooltip\">Publicado en <\/span> <trustindex-image data-imgurl=\"https:\/\/cdn.trustindex.io\/assets\/platform\/Google\/icon.svg\" alt=\"\" width=\"20\" height=\"20\" loading=\"lazy\"><\/trustindex-image> <\/div> <div class=\"ti-profile-img\"> <trustindex-image data-imgurl=\"https:\/\/lh3.googleusercontent.com\/a\/ACg8ocKzyYe7c8a2uvAQdex0DNBp3PNZAyoOCutFcIjnA11XCLnkRw=w40-h40-c-rp-mo-br100\" alt=\"Goran Antunovic profile picture\" loading=\"lazy\"><\/trustindex-image> <\/div> <div class=\"ti-profile-details\"> <div class=\"ti-name\"> Goran Antunovic <\/div> <div class=\"ti-date\"><\/div> <\/div> <\/div> <span class=\"ti-stars\"><trustindex-image class=\"ti-star\" data-imgurl=\"https:\/\/cdn.trustindex.io\/assets\/platform\/Google\/star\/f.svg\" alt=\"Google star 1\" width=\"17\" height=\"17\" loading=\"lazy\"><\/trustindex-image><trustindex-image class=\"ti-star\" data-imgurl=\"https:\/\/cdn.trustindex.io\/assets\/platform\/Google\/star\/f.svg\" alt=\"Google star 2\" width=\"17\" height=\"17\" loading=\"lazy\"><\/trustindex-image><trustindex-image class=\"ti-star\" data-imgurl=\"https:\/\/cdn.trustindex.io\/assets\/platform\/Google\/star\/f.svg\" alt=\"Google star 3\" width=\"17\" height=\"17\" loading=\"lazy\"><\/trustindex-image><trustindex-image class=\"ti-star\" data-imgurl=\"https:\/\/cdn.trustindex.io\/assets\/platform\/Google\/star\/f.svg\" alt=\"Google star 4\" width=\"17\" height=\"17\" loading=\"lazy\"><\/trustindex-image><trustindex-image class=\"ti-star\" data-imgurl=\"https:\/\/cdn.trustindex.io\/assets\/platform\/Google\/star\/f.svg\" alt=\"Google star 5\" width=\"17\" height=\"17\" loading=\"lazy\"><\/trustindex-image><span class=\"ti-verified-review ti-verified-platform\"><span class=\"ti-verified-tooltip\">Trustindex verifica que la fuente original de la rese\u00f1a sea Google.<\/span><\/span><\/span> <div class=\"ti-review-text-container ti-review-content\"><!-- R-CONTENT -->Amazing coworking space in a perfect location. The owners are incredibly kind and welcoming\u2014always making sure you\u2019re comfortable with coffee, snacks, and a smile. 100% recommend to anyone looking for a great place to work in Madrid.<!-- R-CONTENT --><\/div> <span class=\"ti-read-more\" data-container=\".ti-review-content\" data-collapse-text=\"Ocultar\" data-open-text=\"Leer m\u00e1s\"><\/span> <\/div> <\/div>  <div data-empty=\"0\" data-time=\"1748390400\" class=\"ti-review-item source-Google ti-image-layout-thumbnail\" data-id=\"cfcd208495d565ef66e7dff9f98764da\"> <div class=\"ti-inner\"> <div class=\"ti-review-header\"> <div class=\"ti-platform-icon ti-with-tooltip\"> <span class=\"ti-tooltip\">Publicado en <\/span> <trustindex-image data-imgurl=\"https:\/\/cdn.trustindex.io\/assets\/platform\/Google\/icon.svg\" alt=\"\" width=\"20\" height=\"20\" loading=\"lazy\"><\/trustindex-image> <\/div> <div class=\"ti-profile-img\"> <trustindex-image data-imgurl=\"https:\/\/lh3.googleusercontent.com\/a\/ACg8ocLQKApj0Bj8G4VylDssj8Y5ILQ0Ehsi7mLBz6gnaz2aPFu6mQ=w40-h40-c-rp-mo-br100\" alt=\"Jesus Bermejo profile picture\" loading=\"lazy\"><\/trustindex-image> <\/div> <div class=\"ti-profile-details\"> <div class=\"ti-name\"> Jesus Bermejo <\/div> <div class=\"ti-date\"><\/div> <\/div> <\/div> <span class=\"ti-stars\"><trustindex-image class=\"ti-star\" data-imgurl=\"https:\/\/cdn.trustindex.io\/assets\/platform\/Google\/star\/f.svg\" alt=\"Google star 1\" width=\"17\" height=\"17\" loading=\"lazy\"><\/trustindex-image><trustindex-image class=\"ti-star\" data-imgurl=\"https:\/\/cdn.trustindex.io\/assets\/platform\/Google\/star\/f.svg\" alt=\"Google star 2\" width=\"17\" height=\"17\" loading=\"lazy\"><\/trustindex-image><trustindex-image class=\"ti-star\" data-imgurl=\"https:\/\/cdn.trustindex.io\/assets\/platform\/Google\/star\/f.svg\" alt=\"Google star 3\" width=\"17\" height=\"17\" loading=\"lazy\"><\/trustindex-image><trustindex-image class=\"ti-star\" data-imgurl=\"https:\/\/cdn.trustindex.io\/assets\/platform\/Google\/star\/f.svg\" alt=\"Google star 4\" width=\"17\" height=\"17\" loading=\"lazy\"><\/trustindex-image><trustindex-image class=\"ti-star\" data-imgurl=\"https:\/\/cdn.trustindex.io\/assets\/platform\/Google\/star\/f.svg\" alt=\"Google star 5\" width=\"17\" height=\"17\" loading=\"lazy\"><\/trustindex-image><span class=\"ti-verified-review ti-verified-platform\"><span class=\"ti-verified-tooltip\">Trustindex verifica que la fuente original de la rese\u00f1a sea Google.<\/span><\/span><\/span> <div class=\"ti-review-text-container ti-review-content\"><!-- R-CONTENT -->Lugar ideal para trabajar, trato cercano, ambiente muy bueno y con una luz incre\u00edble. 100% recomendable!<!-- R-CONTENT --><\/div> <span class=\"ti-read-more\" data-container=\".ti-review-content\" data-collapse-text=\"Ocultar\" data-open-text=\"Leer m\u00e1s\"><\/span> <\/div> <\/div>  <div data-empty=\"0\" data-time=\"1748217600\" class=\"ti-review-item source-Google ti-image-layout-thumbnail\" data-id=\"cfcd208495d565ef66e7dff9f98764da\"> <div class=\"ti-inner\"> <div class=\"ti-review-header\"> <div class=\"ti-platform-icon ti-with-tooltip\"> <span class=\"ti-tooltip\">Publicado en <\/span> <trustindex-image data-imgurl=\"https:\/\/cdn.trustindex.io\/assets\/platform\/Google\/icon.svg\" alt=\"\" width=\"20\" height=\"20\" loading=\"lazy\"><\/trustindex-image> <\/div> <div class=\"ti-profile-img\"> <trustindex-image data-imgurl=\"https:\/\/lh3.googleusercontent.com\/a-\/ALV-UjV9EQBtr3kTEclYH5IC49UPN_HPr2dz-6qJCfjmZF2bEDeSaRIq=w40-h40-c-rp-mo-ba2-br100\" alt=\"ana anabitarte profile picture\" loading=\"lazy\"><\/trustindex-image> <\/div> <div class=\"ti-profile-details\"> <div class=\"ti-name\"> ana anabitarte <\/div> <div class=\"ti-date\"><\/div> <\/div> <\/div> <span class=\"ti-stars\"><trustindex-image class=\"ti-star\" data-imgurl=\"https:\/\/cdn.trustindex.io\/assets\/platform\/Google\/star\/f.svg\" alt=\"Google star 1\" width=\"17\" height=\"17\" loading=\"lazy\"><\/trustindex-image><trustindex-image class=\"ti-star\" data-imgurl=\"https:\/\/cdn.trustindex.io\/assets\/platform\/Google\/star\/f.svg\" alt=\"Google star 2\" width=\"17\" height=\"17\" loading=\"lazy\"><\/trustindex-image><trustindex-image class=\"ti-star\" data-imgurl=\"https:\/\/cdn.trustindex.io\/assets\/platform\/Google\/star\/f.svg\" alt=\"Google star 3\" width=\"17\" height=\"17\" loading=\"lazy\"><\/trustindex-image><trustindex-image class=\"ti-star\" data-imgurl=\"https:\/\/cdn.trustindex.io\/assets\/platform\/Google\/star\/f.svg\" alt=\"Google star 4\" width=\"17\" height=\"17\" loading=\"lazy\"><\/trustindex-image><trustindex-image class=\"ti-star\" data-imgurl=\"https:\/\/cdn.trustindex.io\/assets\/platform\/Google\/star\/f.svg\" alt=\"Google star 5\" width=\"17\" height=\"17\" loading=\"lazy\"><\/trustindex-image><span class=\"ti-verified-review ti-verified-platform\"><span class=\"ti-verified-tooltip\">Trustindex verifica que la fuente original de la rese\u00f1a sea Google.<\/span><\/span><\/span> <div class=\"ti-review-text-container ti-review-content\"><!-- R-CONTENT -->El sitio es precioso y muy c\u00f3modo y tanto Federico como su compa\u00f1era lo hacen todo muy f\u00e1cil y agradable. Son dos grandes profesionales. Lo he utilizado varias veces para reunirme con clientes y siempre hemos estado muy c\u00f3modos. La sala de reuniones es grande, te preparan caf\u00e9, es silenciosa y tiene mucha luz y unas vistas preciosas. Lo recomiendo mucho.<!-- R-CONTENT --><\/div> <span class=\"ti-read-more\" data-container=\".ti-review-content\" data-collapse-text=\"Ocultar\" data-open-text=\"Leer m\u00e1s\"><\/span> <\/div> <\/div>  <div data-empty=\"0\" data-time=\"1747958400\" class=\"ti-review-item source-Google ti-image-layout-thumbnail\" data-id=\"cfcd208495d565ef66e7dff9f98764da\"> <div class=\"ti-inner\"> <div class=\"ti-review-header\"> <div class=\"ti-platform-icon ti-with-tooltip\"> <span class=\"ti-tooltip\">Publicado en <\/span> <trustindex-image data-imgurl=\"https:\/\/cdn.trustindex.io\/assets\/platform\/Google\/icon.svg\" alt=\"\" width=\"20\" height=\"20\" loading=\"lazy\"><\/trustindex-image> <\/div> <div class=\"ti-profile-img\"> <trustindex-image data-imgurl=\"https:\/\/lh3.googleusercontent.com\/a\/ACg8ocJBlji13DVUOe7IyBP0FnL7PNeintkKPkaKBw2CplI1ewMtHDw=w40-h40-c-rp-mo-br100\" alt=\"Jennifer Medina profile picture\" loading=\"lazy\"><\/trustindex-image> <\/div> <div class=\"ti-profile-details\"> <div class=\"ti-name\"> Jennifer Medina <\/div> <div class=\"ti-date\"><\/div> <\/div> <\/div> <span class=\"ti-stars\"><trustindex-image class=\"ti-star\" data-imgurl=\"https:\/\/cdn.trustindex.io\/assets\/platform\/Google\/star\/f.svg\" alt=\"Google star 1\" width=\"17\" height=\"17\" loading=\"lazy\"><\/trustindex-image><trustindex-image class=\"ti-star\" data-imgurl=\"https:\/\/cdn.trustindex.io\/assets\/platform\/Google\/star\/f.svg\" alt=\"Google star 2\" width=\"17\" height=\"17\" loading=\"lazy\"><\/trustindex-image><trustindex-image class=\"ti-star\" data-imgurl=\"https:\/\/cdn.trustindex.io\/assets\/platform\/Google\/star\/f.svg\" alt=\"Google star 3\" width=\"17\" height=\"17\" loading=\"lazy\"><\/trustindex-image><trustindex-image class=\"ti-star\" data-imgurl=\"https:\/\/cdn.trustindex.io\/assets\/platform\/Google\/star\/f.svg\" alt=\"Google star 4\" width=\"17\" height=\"17\" loading=\"lazy\"><\/trustindex-image><trustindex-image class=\"ti-star\" data-imgurl=\"https:\/\/cdn.trustindex.io\/assets\/platform\/Google\/star\/f.svg\" alt=\"Google star 5\" width=\"17\" height=\"17\" loading=\"lazy\"><\/trustindex-image><span class=\"ti-verified-review ti-verified-platform\"><span class=\"ti-verified-tooltip\">Trustindex verifica que la fuente original de la rese\u00f1a sea Google.<\/span><\/span><\/span> <div class=\"ti-review-text-container ti-review-content\"><!-- R-CONTENT -->El coworking en general est\u00e1 bien: cumple con lo necesario para trabajar c\u00f3modamente. Lo que realmente hizo la diferencia fue la atenci\u00f3n de Desi, quien nos atendi\u00f3 de forma excepcional. Su disposici\u00f3n, amabilidad y atenci\u00f3n al detalle marcaron una gran diferencia en nuestra visita. \u00a1Gracias, Desi, por hacer que todo fuera m\u00e1s f\u00e1cil y agradable!<!-- R-CONTENT --><\/div> <span class=\"ti-read-more\" data-container=\".ti-review-content\" data-collapse-text=\"Ocultar\" data-open-text=\"Leer m\u00e1s\"><\/span> <\/div> <\/div>  <div data-empty=\"0\" data-time=\"1745452800\" class=\"ti-review-item source-Google ti-image-layout-thumbnail\" data-id=\"cfcd208495d565ef66e7dff9f98764da\"> <div class=\"ti-inner\"> <div class=\"ti-review-header\"> <div class=\"ti-platform-icon ti-with-tooltip\"> <span class=\"ti-tooltip\">Publicado en <\/span> <trustindex-image data-imgurl=\"https:\/\/cdn.trustindex.io\/assets\/platform\/Google\/icon.svg\" alt=\"\" width=\"20\" height=\"20\" loading=\"lazy\"><\/trustindex-image> <\/div> <div class=\"ti-profile-img\"> <trustindex-image data-imgurl=\"https:\/\/lh3.googleusercontent.com\/a\/ACg8ocJIVmsOzLZ3oHjRIarhaWloTTjFxiIKzZsSkqEk5B1N3S8BrZ8=w40-h40-c-rp-mo-br100\" alt=\"F D profile picture\" loading=\"lazy\"><\/trustindex-image> <\/div> <div class=\"ti-profile-details\"> <div class=\"ti-name\"> F D <\/div> <div class=\"ti-date\"><\/div> <\/div> <\/div> <span class=\"ti-stars\"><trustindex-image class=\"ti-star\" data-imgurl=\"https:\/\/cdn.trustindex.io\/assets\/platform\/Google\/star\/f.svg\" alt=\"Google star 1\" width=\"17\" height=\"17\" loading=\"lazy\"><\/trustindex-image><trustindex-image class=\"ti-star\" data-imgurl=\"https:\/\/cdn.trustindex.io\/assets\/platform\/Google\/star\/f.svg\" alt=\"Google star 2\" width=\"17\" height=\"17\" loading=\"lazy\"><\/trustindex-image><trustindex-image class=\"ti-star\" data-imgurl=\"https:\/\/cdn.trustindex.io\/assets\/platform\/Google\/star\/f.svg\" alt=\"Google star 3\" width=\"17\" height=\"17\" loading=\"lazy\"><\/trustindex-image><trustindex-image class=\"ti-star\" data-imgurl=\"https:\/\/cdn.trustindex.io\/assets\/platform\/Google\/star\/f.svg\" alt=\"Google star 4\" width=\"17\" height=\"17\" loading=\"lazy\"><\/trustindex-image><trustindex-image class=\"ti-star\" data-imgurl=\"https:\/\/cdn.trustindex.io\/assets\/platform\/Google\/star\/f.svg\" alt=\"Google star 5\" width=\"17\" height=\"17\" loading=\"lazy\"><\/trustindex-image><span class=\"ti-verified-review ti-verified-platform\"><span class=\"ti-verified-tooltip\">Trustindex verifica que la fuente original de la rese\u00f1a sea Google.<\/span><\/span><\/span> <div class=\"ti-review-text-container ti-review-content\"><!-- R-CONTENT -->Excelente servicio, Desislava es muy amable y las instalaciones son c\u00f3modas y apropiadas para reuniones y trabajar en un ambiente agradable.<!-- R-CONTENT --><\/div> <span class=\"ti-read-more\" data-container=\".ti-review-content\" data-collapse-text=\"Ocultar\" data-open-text=\"Leer m\u00e1s\"><\/span> <\/div> <\/div>  <div data-empty=\"0\" data-time=\"1745107200\" class=\"ti-review-item source-Google ti-image-layout-thumbnail\" data-id=\"cfcd208495d565ef66e7dff9f98764da\"> <div class=\"ti-inner\"> <div class=\"ti-review-header\"> <div class=\"ti-platform-icon ti-with-tooltip\"> <span class=\"ti-tooltip\">Publicado en <\/span> <trustindex-image data-imgurl=\"https:\/\/cdn.trustindex.io\/assets\/platform\/Google\/icon.svg\" alt=\"\" width=\"20\" height=\"20\" loading=\"lazy\"><\/trustindex-image> <\/div> <div class=\"ti-profile-img\"> <trustindex-image data-imgurl=\"https:\/\/lh3.googleusercontent.com\/a-\/ALV-UjUNvzJ3JnFUuhzrpWUAqHs_YBZgr2cG3rAv0A7Oyw82NxlFUb57fQ=w40-h40-c-rp-mo-ba3-br100\" alt=\"Juan Manuel Rosell\u00f3 Fern\u00e1ndez profile picture\" loading=\"lazy\"><\/trustindex-image> <\/div> <div class=\"ti-profile-details\"> <div class=\"ti-name\"> Juan Manuel Rosell\u00f3 Fern\u00e1ndez <\/div> <div class=\"ti-date\"><\/div> <\/div> <\/div> <span class=\"ti-stars\"><trustindex-image class=\"ti-star\" data-imgurl=\"https:\/\/cdn.trustindex.io\/assets\/platform\/Google\/star\/f.svg\" alt=\"Google star 1\" width=\"17\" height=\"17\" loading=\"lazy\"><\/trustindex-image><trustindex-image class=\"ti-star\" data-imgurl=\"https:\/\/cdn.trustindex.io\/assets\/platform\/Google\/star\/f.svg\" alt=\"Google star 2\" width=\"17\" height=\"17\" loading=\"lazy\"><\/trustindex-image><trustindex-image class=\"ti-star\" data-imgurl=\"https:\/\/cdn.trustindex.io\/assets\/platform\/Google\/star\/f.svg\" alt=\"Google star 3\" width=\"17\" height=\"17\" loading=\"lazy\"><\/trustindex-image><trustindex-image class=\"ti-star\" data-imgurl=\"https:\/\/cdn.trustindex.io\/assets\/platform\/Google\/star\/f.svg\" alt=\"Google star 4\" width=\"17\" height=\"17\" loading=\"lazy\"><\/trustindex-image><trustindex-image class=\"ti-star\" data-imgurl=\"https:\/\/cdn.trustindex.io\/assets\/platform\/Google\/star\/f.svg\" alt=\"Google star 5\" width=\"17\" height=\"17\" loading=\"lazy\"><\/trustindex-image><span class=\"ti-verified-review ti-verified-platform\"><span class=\"ti-verified-tooltip\">Trustindex verifica que la fuente original de la rese\u00f1a sea Google.<\/span><\/span><\/span> <div class=\"ti-review-text-container ti-review-content\"><!-- R-CONTENT -->La experiencia fue excelente. Los recepcionistas s\u00faper c\u00e1lidos y amables. Las instalaciones son hermosas. Me sent\u00ed como en casa. Lo recomiendo.<!-- R-CONTENT --><\/div> <span class=\"ti-read-more\" data-container=\".ti-review-content\" data-collapse-text=\"Ocultar\" data-open-text=\"Leer m\u00e1s\"><\/span> <\/div> <\/div>  <\/div> <div class=\"ti-controls-line\"> <div class=\"dot\"><\/div> <\/div> <\/div>    <\/div> <\/div> <\/template><\/pre><div data-src=\"https:\/\/cdn.trustindex.io\/loader.js?wp-widget\" data-template-id=\"trustindex-google-widget-html\" data-css-url=\"https:\/\/ilcoworking.es\/wp-content\/uploads\/trustindex-google-widget.css?1776169716\"><\/div>\n<div id=\"gtx-trans\" style=\"position: absolute; left: -36px; top: 32px;\">\n<div class=\"gtx-trans-icon\"><\/div>\n<\/div>\n\n\t\t<\/div>\n\t<\/div>\n<div class=\"deeper-spacer clearfix\" data-config='{\"desktop\":90,\"mobile\":50,\"smobile\":50}'><\/div><\/div><\/div><\/div><\/div><div class=\"vc_row-full-width vc_clearfix\"><\/div><div data-vc-full-width=\"true\" data-vc-full-width-init=\"false\" class=\"vc_row wpb_row vc_row-fluid vc_custom_1719850615714 vc_row-has-fill position-relative\"><div class=\"wpb_column vc_column_container vc_col-sm-8\"><div class=\"vc_column-inner\"><div class=\"wpb_wrapper\"><div class=\"deeper-spacer clearfix\" data-config='{\"desktop\":90,\"mobile\":40,\"smobile\":30}'><\/div><h2 class=\"deeper-text align-center  text-has-width wow fadeInDown\" style=\"font-size:32px;line-height:40px;letter-spacing:-0.3px;max-width:850px;color:#ffffff;\"  data-wow-duration=\"0.75s\" data-wow-delay=\"0.3s\"><h3 style=\"text-align: left;\"><span style=\"color: #ffffff;\">Solicita tu presupuesto sin compromiso<\/span><\/h3>\n<div id=\"gtx-trans\" style=\"position: absolute; left: 280px; top: 33.2222px;\">\n<div class=\"gtx-trans-icon\"><\/div>\n<\/div>\n<\/h2><div class=\"deeper-spacer clearfix\" data-config='{\"desktop\":90,\"mobile\":50,\"smobile\":10}'><\/div><\/div><\/div><\/div><div class=\"wpb_column vc_column_container vc_col-sm-4\"><div class=\"vc_column-inner\"><div class=\"wpb_wrapper\"><div class=\"deeper-spacer clearfix\" data-config='{\"desktop\":90,\"mobile\":40,\"smobile\":20}'><\/div><div class=\"url-wrap  align-center boton-banner\">\r\n\t\t\t\t\t\t<a class=\"deeper-button custom big btn-1808648565\" style=\"\" href=#form data-config='{\"color\":\"#52c28a\",\"bg\":\"#ffffff\",\"shadow\":\"3px\"}'>Solicita tu presupuesto<\/a>\r\n\t\t\t\t\t<\/div><div class=\"deeper-spacer clearfix\" data-config='{\"mobile\":30,\"smobile\":30}'><\/div><\/div><\/div><\/div><\/div><div class=\"vc_row-full-width vc_clearfix\"><\/div><div class=\"vc_row wpb_row vc_row-fluid position-relative\"><div class=\"wpb_column vc_column_container vc_col-sm-12\"><div class=\"vc_column-inner\"><div class=\"wpb_wrapper\"><div class=\"deeper-spacer clearfix\" data-config='{\"desktop\":70,\"mobile\":50,\"smobile\":50}'><\/div><h1 class=\"deeper-text align-center \" style=\"font-size:16px;font-weight:600;letter-spacing:-0.2px;margin-bottom:16px;color:#074883;font-family:Open Sans;\" ><span>SERVICIOS CONTRATABLES OPCIONALES<\/span>\n<div id=\"gtx-trans\" style=\"position: absolute; left: 17px; top: 32.3333px;\">\n<div class=\"gtx-trans-icon\"><\/div>\n<\/div>\n<\/h1><h3 class=\"deeper-text align-center  mobi-size-32\" style=\"font-size:39px;letter-spacing:-0.2px;margin-bottom:40px;\" ><p style=\"text-align: center;\">Ayudamos a pymes, emprendedores y startups con domiciliaci\u00f3n fiscal, gesti\u00f3n de correspondencia, apoyo administrativo y asesor\u00eda legal y contable, facilitando su gesti\u00f3n para que puedan crecer.<\/span>\n<\/h3><div class=\"deeper-spacer clearfix\" data-config='{\"desktop\":70,\"mobile\":50,\"smobile\":50}'><\/div><\/div><\/div><\/div><div class=\"wpb_column vc_column_container vc_col-sm-6 vc_col-md-4\"><div class=\"vc_column-inner\"><div class=\"wpb_wrapper\"><div  class=\"vc_do_toggle vc_toggle vc_toggle_default vc_toggle_color_vista_blue  vc_toggle_size_lg\"><div class=\"vc_toggle_title\"><h2 style=\"font-size: 25px;color: #000000;text-align: left\" class=\"vc_custom_heading vc_do_custom_heading\" >Domiciliaci\u00f3n fiscal y social de empresas y negocios.<\/h2><i class=\"vc_toggle_icon\"><\/i><\/div><div class=\"vc_toggle_content\"><p>Obtenga la imagen corporativa que su empresa precisa al menor coste, en una de las zonas m\u00e1s representativas de Madrid. Dispondr\u00e1 de un domicilio profesional y de una direcci\u00f3n de negocios en Madrid a efectos comerciales, para su web, tarjetas de visita, buscadores Google, etc.<\/p>\n<p>Tendr\u00e1 acceso prioritario a nuestros espacios de trabajo. Adem\u00e1s, esta tarifa incluye cuatro horas gratuitas a la semana de uso de un puesto de escritorio y una hora gratuita al mes de la sala de juntas. En cualquier momento, si su negocio crece, le ofrecemos la posibilidad de ampliar el servicio que necesite.<\/p>\n<h6><strong>Tarifa: 75 \u20ac\/mes<\/strong><\/h6>\n<\/div><\/div><div class=\"deeper-spacer clearfix\" data-config='{\"desktop\":30,\"mobile\":30,\"smobile\":30}'><\/div><\/div><\/div><\/div><div class=\"wpb_column vc_column_container vc_col-sm-6 vc_col-md-4\"><div class=\"vc_column-inner\"><div class=\"wpb_wrapper\"><div  class=\"vc_do_toggle vc_toggle vc_toggle_default vc_toggle_color_vista_blue  vc_toggle_size_lg\"><div class=\"vc_toggle_title\"><h2 style=\"font-size: 25px;text-align: left\" class=\"vc_custom_heading vc_do_custom_heading\" >Gesti\u00f3n de correspondencia de empresas y negocios domiciliados<\/h2><i class=\"vc_toggle_icon\"><\/i><\/div><div class=\"vc_toggle_content\"><p>Nuestro equipo de Secretar\u00eda se encargar\u00e1 de la recepci\u00f3n de toda su correspondencia con m\u00e1xima responsabilidad.<\/p>\n<p>Le notificaremos al instante la recepci\u00f3n, aviso, archivo y custodia de correspondencia, certificados y paqueter\u00eda.<\/p>\n<h6><strong>Tarifa para empresas no domiciliadas: 20 \u20ac\/mes<\/strong><\/h6>\n<h6><strong><span>Tarifa para empresas domiciliadas: gratuito<\/span><\/strong><\/h6>\n<\/div><\/div><div class=\"deeper-spacer clearfix\" data-config='{\"desktop\":30,\"mobile\":30,\"smobile\":30}'><\/div><\/div><\/div><\/div><div class=\"wpb_column vc_column_container vc_col-sm-6 vc_col-md-4\"><div class=\"vc_column-inner\"><div class=\"wpb_wrapper\"><div  class=\"vc_do_toggle vc_toggle vc_toggle_default vc_toggle_color_vista_blue  vc_toggle_size_lg\"><div class=\"vc_toggle_title\"><h2 style=\"font-size: 25px;text-align: left\" class=\"vc_custom_heading vc_do_custom_heading\" >Servicios de secretar\u00eda y apoyo administrativo<\/h2><i class=\"vc_toggle_icon\"><\/i><\/div><div class=\"vc_toggle_content\"><p>Su actividad profesional puede ser atendida por nuestra Secretar\u00eda en horario continuo, estando a su disposici\u00f3n de manera personalizada.<\/p>\n<p>El servicio incluye la atenci\u00f3n y recepci\u00f3n de llamadas por parte de nuestro equipo. Daremos la bienvenida en recepci\u00f3n a sus visitas y le brindamos servicios administrativos de apoyo en sus convocatorias de reuniones de trabajo en el seno del centro de negocio. Siempre estaremos disponibles para sus clientes o visitas.<\/p>\n<h6><strong>Tarifa para empresas no domiciliadas: 45 \u20ac\/mes<\/strong><br \/>\n<strong>Tarifa para empresas domiciliadas: gratuito<\/strong><\/h6>\n<\/div><\/div><div class=\"deeper-spacer clearfix\" data-config='{\"desktop\":30,\"mobile\":30,\"smobile\":30}'><\/div><\/div><\/div><\/div><\/div><div class=\"vc_row wpb_row vc_row-fluid vc_custom_1706711640146 vc_row-has-fill position-relative\"><div class=\"wpb_column vc_column_container vc_col-sm-4\"><div class=\"vc_column-inner\"><div class=\"wpb_wrapper\"><div  class=\"vc_do_toggle vc_toggle vc_toggle_default vc_toggle_color_vista_blue  vc_toggle_size_lg\"><div class=\"vc_toggle_title\"><h2 style=\"font-size: 25px;text-align: left\" class=\"vc_custom_heading vc_do_custom_heading\" >Gesti\u00f3n contable, fiscal (impuestos) y laboral de empresas y negocios<\/h2><i class=\"vc_toggle_icon\"><\/i><\/div><div class=\"vc_toggle_content\"><p>Dise\u00f1aremos una estrategia de apoyo personalizada para optimizar su contabilidad y la gesti\u00f3n de sus impuestos.<\/p>\n<p>Asumiremos el d\u00eda a d\u00eda de su contabilidad, elaboraremos las cuentas anuales y libros oficiales, junto con la presentaci\u00f3n de impuestos y atenci\u00f3n de los compromisos con Hacienda. Tambi\u00e9n podemos asumir la gesti\u00f3n de sus n\u00f3minas, contratos de trabajo y tramitaciones con la Seguridad Social. Dispondr\u00e1 de atenci\u00f3n personalizada de su gestor asignado, que le ofrecer\u00e1 informaci\u00f3n online puntual.<\/p>\n<h6><strong><span>Gesti\u00f3n contable y fiscal: desde 95 \u20ac\/mes<\/span><\/strong><\/h6>\n<h6><strong><span>Gesti\u00f3n laboral: desde 35 \u20ac\/mes por empleado<\/span><\/strong><\/h6>\n<\/div><\/div><div class=\"deeper-spacer clearfix\" data-config='{\"desktop\":30,\"mobile\":30,\"smobile\":30}'><\/div><\/div><\/div><\/div><div class=\"wpb_column vc_column_container vc_col-sm-4\"><div class=\"vc_column-inner\"><div class=\"wpb_wrapper\"><div  class=\"vc_do_toggle vc_toggle vc_toggle_default vc_toggle_color_vista_blue  vc_toggle_size_lg\"><div class=\"vc_toggle_title\"><h2 style=\"font-size: 25px;text-align: left\" class=\"vc_custom_heading vc_do_custom_heading\" >Asesoramiento jur\u00eddico b\u00e1sico en \u00e1reas fiscal, laboral, mercantil y de contrataci\u00f3n p\u00fablica<\/h2><i class=\"vc_toggle_icon\"><\/i><\/div><div class=\"vc_toggle_content\"><p>Todas las empresas deben adoptar diariamente importantes con sus clientes, proveedores o con terceros, as\u00ed como con otras empresas o, a veces, con las diferentes administraciones p\u00fablicas, circunstancia que puede requerir un apoyo jur\u00eddico. Le ofrecemos la opci\u00f3n de consultas puntuales o bien la prestaci\u00f3n de un servicio de asesoramiento estable y continuado en el tiempo, donde, resolveremos todas sus dudas legales sin l\u00edmite.<\/p>\n<p>Le brindamos asesoramiento jur\u00eddico y orientaci\u00f3n b\u00e1sica legal en todas las \u00e1reas del derecho empresarial y de contrataci\u00f3n, estableciendo una relaci\u00f3n directa, \u00e1gil, eficiente y segura, a trav\u00e9s de un servicio de consultas online o telef\u00f3nicas.<\/p>\n<p><strong><span>\u00a0<\/span><\/strong><\/p>\n<h6><strong><span>Tarifa de consultas legales b\u00e1sicas online\/telef\u00f3nica: 45 \u20ac por consulta<\/span><\/strong><\/h6>\n<h6><strong><span>Tarifa del servicio estable de consultas legales b\u00e1sicas: 75 \u20ac\/mes<\/span><\/strong><\/h6>\n<h6><strong><span>Paquete PYMES domiciliaci\u00f3n, correspondencia, secretaria y asesoramiento jur\u00eddico b\u00e1sico, sin limitaci\u00f3n de consultas, 185 \u20ac\/mes<\/span><\/strong><\/h6>\n<\/div><\/div><div class=\"deeper-spacer clearfix\" data-config='{\"desktop\":30,\"mobile\":30,\"smobile\":30}'><\/div><\/div><\/div><\/div><div class=\"wpb_column vc_column_container vc_col-sm-4\"><div class=\"vc_column-inner\"><div class=\"wpb_wrapper\"><div  class=\"vc_do_toggle vc_toggle vc_toggle_default vc_toggle_color_vista_blue  vc_toggle_size_lg\"><div class=\"vc_toggle_title\"><h2 style=\"font-size: 25px;text-align: left\" class=\"vc_custom_heading vc_do_custom_heading\" >Asesoramiento jur\u00eddico especific\u00f3 experto en \u00e1reas fiscal, mercantil, administrativa y laboral<\/h2><i class=\"vc_toggle_icon\"><\/i><\/div><div class=\"vc_toggle_content\"><p>Ante determinadas problem\u00e1ticas m\u00e1s complejas, se hace preciso un contacto mucho m\u00e1s personalizado para ofrecerle el mejor apoyo legal posible, ya que puede conllevar el an\u00e1lisis pormenorizado de documentaci\u00f3n, el dise\u00f1o de una estrategia jur\u00eddica, as\u00ed como consensuar posibles actuaciones legales en defensa de sus intereses. Por ese motivo, hemos previsto un servicio de atenci\u00f3n de consultas personalizado, de manera presencial, donde uno de nuestros abogados analizar\u00e1 cada cuesti\u00f3n de manera individualizada.<\/p>\n<p>Entendemos que sus necesidades legales no se limitan a una \u00fanica \u00e1rea del derecho. Por eso, nuestro enfoque integral nos permite brindar una asesor\u00eda jur\u00eddica completa, abarcando todas las \u00e1reas relevantes para tu empresa. En funci\u00f3n de la tipolog\u00eda de consulta y las consecuencias que se deriven tras su an\u00e1lisis, nuestro equipo de abogados dise\u00f1ar\u00e1, en su caso, la estrategia legal o de asistencia letrada que sea m\u00e1s aconsejable para sus intereses.<\/p>\n<h6><strong><span>Tarifa de consultas legales espec\u00edficas presenciales: 95 \u20ac por consulta<\/span><\/strong><\/h6>\n<\/div><\/div><div class=\"deeper-spacer clearfix\" data-config='{\"desktop\":30,\"mobile\":30,\"smobile\":30}'><\/div><\/div><\/div><\/div><\/div><div class=\"vc_row wpb_row vc_row-fluid vc_custom_1706711640146 vc_row-has-fill position-relative\"><div class=\"wpb_column vc_column_container vc_col-sm-4\"><div class=\"vc_column-inner\"><div class=\"wpb_wrapper\"><div  class=\"vc_do_toggle vc_toggle vc_toggle_default vc_toggle_color_vista_blue  vc_toggle_size_lg\"><div class=\"vc_toggle_title\"><h2 style=\"font-size: 25px;text-align: left\" class=\"vc_custom_heading vc_do_custom_heading\" >Configuraci\u00f3n de cartera de servicios a la medida para empresas<\/h2><i class=\"vc_toggle_icon\"><\/i><\/div><div class=\"vc_toggle_content\"><p><span>El asesoramiento din\u00e1mico es una de nuestras se\u00f1as de identidad. Por ese motivo, en atenci\u00f3n a sus intereses, nos comprometemos a brindarle un apoyo personalizado y, en caso de ser necesario, dise\u00f1aremos un plan de trabajo individualizado, estableciendo un presupuesto adaptado a sus necesidades personales o de su negocio. No dude en ponerse en contacto con nosotros y nuestro equipo profesional experto estar\u00e1 encantado de atenderle personalmente y dise\u00f1ar la mejor estrategia posible. Recuerde que creemos en la importancia de establecer una relaci\u00f3n cercana y de confianza con nuestros clientes, comprometi\u00e9ndonos a escuchar sus necesidades y ofrecer soluciones que se adapten a tus objetivos espec\u00edficos.<\/span><\/p>\n<\/div><\/div><\/div><\/div><\/div><div class=\"wpb_column vc_column_container vc_col-sm-4\"><div class=\"vc_column-inner\"><div class=\"wpb_wrapper\"><div  class=\"vc_do_toggle vc_toggle vc_toggle_default vc_toggle_color_vista_blue  vc_toggle_size_lg\"><div class=\"vc_toggle_title\"><h2 style=\"font-size: 25px;text-align: left\" class=\"vc_custom_heading vc_do_custom_heading\" >Socios de Acountax Madrid<\/h2><i class=\"vc_toggle_icon\"><\/i><\/div><div class=\"vc_toggle_content\"><p><span>Todos los clientes de\u00a0<\/span><strong>ILCOWORKING&amp;LEGAL SERVICES<\/strong><span>\u00a0que puedan precisar de la defensa o representaci\u00f3n legal en litigios, y de la correspondiente asistencia letrada, dispondr\u00e1n de un\u00a0<\/span><strong>descuento especial del 30% de descuento<\/strong><span>\u00a0de los honorarios profesionales de\u00a0<\/span><strong><a href=\"https:\/\/acountaxmadrid.es\/\">Acountax Abogados<\/a><\/strong><span>, firma colaboradora que cuenta con un equipo de abogados con una amplia experiencia y conocimientos en diversas \u00e1reas del derecho, brindando un servicio de calidad basado en las mejores pr\u00e1cticas legales.<\/span><\/p>\n<\/div><\/div><\/div><\/div><\/div><\/div><div data-vc-full-width=\"true\" data-vc-full-width-init=\"false\" class=\"vc_row wpb_row vc_row-fluid vc_custom_1741373163864 vc_row-has-fill position-relative\"><div class=\"wpb_column vc_column_container vc_col-sm-12 vc_hidden-sm vc_hidden-xs\"><div class=\"vc_column-inner\"><div class=\"wpb_wrapper\"><div class=\"deeper-spacer clearfix\" data-config='{\"desktop\":100,\"mobile\":100,\"smobile\":100}'><\/div><h2 class=\"deeper-text align-center  text-has-width mobi-size-18 wow fadeInDown\" style=\"font-size:32px;line-height:40px;letter-spacing:-0.3px;max-width:850px;color:#ffffff;\"  data-wow-duration=\"0.75s\" data-wow-delay=\"0.3s\"><h3 style=\"text-align: center;\"><span style=\"color: #ffffff;\">\u00a1Impulsa tu negocio con ILCOWORKING &amp; LEGAL SERVICES! Un espacio dise\u00f1ado para trabajar y crecer. <strong>Reserva ahora.<\/strong><\/span><\/h3>\n<div id=\"gtx-trans\" style=\"position: absolute; left: 149px; top: 58.4167px;\">\n<div class=\"gtx-trans-icon\"><\/div>\n<\/div>\n<\/h2><div class=\"deeper-spacer clearfix\" data-config='{\"desktop\":100,\"mobile\":100,\"smobile\":100}'><\/div><\/div><\/div><\/div><\/div><div class=\"vc_row-full-width vc_clearfix\"><\/div><div id=\"form\" data-vc-full-width=\"true\" data-vc-full-width-init=\"false\" class=\"vc_row wpb_row vc_row-fluid vc_custom_1741694905692 vc_row-has-fill position-relative\"><div class=\"wpb_column vc_column_container vc_col-sm-12\"><div class=\"vc_column-inner\"><div class=\"wpb_wrapper\"><div class=\"deeper-spacer clearfix\" data-config='{\"desktop\":100,\"mobile\":40,\"smobile\":40}'><\/div><h2 class=\"deeper-text align-center \" style=\"font-size:28px;letter-spacing:-0.2px;\" ><span><span>Cont\u00e1ctanos. Nos encantar\u00eda hablar contigo.<\/span><\/span>\n<\/h2><div class=\"deeper-spacer clearfix\" data-config='{\"desktop\":70,\"mobile\":50,\"smobile\":50}'><\/div><div class=\"deeper-cf7   align-left\" style=\"max-width:1000; margin:0 auto;\">\n<div class=\"wpcf7 no-js\" id=\"wpcf7-f9-o1\" lang=\"es-ES\" dir=\"ltr\" data-wpcf7-id=\"9\">\n<div class=\"screen-reader-response\"><p role=\"status\" aria-live=\"polite\" aria-atomic=\"true\"><\/p> <ul><\/ul><\/div>\n<form action=\"\/en\/wp-json\/wp\/v2\/pages\/28#wpcf7-f9-o1\" method=\"post\" class=\"wpcf7-form init\" aria-label=\"Formulario de contacto\" novalidate=\"novalidate\" data-status=\"init\">\n<fieldset class=\"hidden-fields-container\"><input type=\"hidden\" name=\"_wpcf7\" value=\"9\" \/><input type=\"hidden\" name=\"_wpcf7_version\" value=\"6.1.5\" \/><input type=\"hidden\" name=\"_wpcf7_locale\" value=\"es_ES\" \/><input type=\"hidden\" name=\"_wpcf7_unit_tag\" value=\"wpcf7-f9-o1\" \/><input type=\"hidden\" name=\"_wpcf7_container_post\" value=\"0\" \/><input type=\"hidden\" name=\"_wpcf7_posted_data_hash\" value=\"\" \/><input type=\"hidden\" name=\"_wpcf7_recaptcha_response\" value=\"\" \/>\n<\/fieldset>\n<p><label> Tu nombre<br \/>\n<span class=\"wpcf7-form-control-wrap\" data-name=\"your-name\"><input size=\"40\" maxlength=\"400\" class=\"wpcf7-form-control wpcf7-text wpcf7-validates-as-required\" autocomplete=\"name\" aria-required=\"true\" aria-invalid=\"false\" value=\"\" type=\"text\" name=\"your-name\" \/><\/span> <\/label>\n<\/p>\n<p><label> Tu correo electr\u00f3nico<br \/>\n<span class=\"wpcf7-form-control-wrap\" data-name=\"your-email\"><input size=\"40\" maxlength=\"400\" class=\"wpcf7-form-control wpcf7-email wpcf7-validates-as-required wpcf7-text wpcf7-validates-as-email\" autocomplete=\"email\" aria-required=\"true\" aria-invalid=\"false\" value=\"\" type=\"email\" name=\"your-email\" \/><\/span> <\/label>\n<\/p>\n<p><label> Tu tel\u00e9fono (opcional)<br \/>\n<span class=\"wpcf7-form-control-wrap\" data-name=\"tel-744\"><input size=\"40\" maxlength=\"400\" class=\"wpcf7-form-control wpcf7-tel wpcf7-text wpcf7-validates-as-tel\" autocomplete=\"tel\" aria-invalid=\"false\" value=\"\" type=\"tel\" name=\"tel-744\" \/><\/span> <\/label>\n<\/p>\n<p><label> Asunto<br \/>\n<span class=\"wpcf7-form-control-wrap\" data-name=\"your-subject\"><input size=\"40\" maxlength=\"400\" class=\"wpcf7-form-control wpcf7-text wpcf7-validates-as-required\" aria-required=\"true\" aria-invalid=\"false\" value=\"\" type=\"text\" name=\"your-subject\" \/><\/span> <\/label>\n<\/p>\n<p><label> Tu mensaje (opcional)<br \/>\n<span class=\"wpcf7-form-control-wrap\" data-name=\"your-message\"><textarea cols=\"40\" rows=\"10\" maxlength=\"2000\" class=\"wpcf7-form-control wpcf7-textarea\" aria-invalid=\"false\" name=\"your-message\"><\/textarea><\/span> <\/label>\n<\/p>\n<div>\n\t<p style=\"text-align:left; font-size:14px; width:90%; margin:auto; padding-bottom:20px\">He le\u00eddo la <a href=\"https:\/\/ilcoworking.es\/politica-de-privacidad-y-politica-de-cookies\/\" target=\"_blank\"><b>informaci\u00f3n de privacidad<\/b><\/a> y autorizo el tratamiento de mis datos. Sus datos ser\u00e1n tratados por <b>ILCOWORKING&LEGAL SERVICES<\/b> con el fin de poder suministrarle la informaci\u00f3n que nos ha solicitado. No ser\u00e1n comunicadas a terceros ni se utilizar\u00e1n por otra finalidad. En cumplimiento de la normativa (UE) 2016\/679 Reglamento General de Protecci\u00f3n de Datos, le informamos que puede ejercer su derecho de acceso, rectificaci\u00f3n, supresi\u00f3n u oposici\u00f3n, enviando un correo electr\u00f3nico a la direcci\u00f3n: <a href=\"mailto:info@ilcoworking.es\"><b>info@ilcoworking.es<\/b><\/a>, indicando el derecho que desea ejercer e identific\u00e1ndose convenientemente. Tambi\u00e9n le informamos que puede presentar una reclamaci\u00f3n ante la Agencia Espa\u00f1ola de Protecci\u00f3n de Datos si considera que se han visto vulnerados sus derechos. Sus datos ser\u00e1n conservados durante el tiempo necesario hasta la prescripci\u00f3n de responsabilidades. No prestar su consentimiento comportar\u00e1 la imposibilidad de atender su solicitud de informaci\u00f3n.\n\t<\/p>\n<\/div>\n<div class=\"btn-submit\">\n\t<p><input class=\"wpcf7-form-control wpcf7-submit has-spinner\" type=\"submit\" value=\"Enviar\" \/>\n\t<\/p>\n<\/div><div class=\"wpcf7-response-output\" aria-hidden=\"true\"><\/div>\n<\/form>\n<\/div>\n<\/div><div class=\"deeper-spacer clearfix\" data-config='{\"desktop\":50,\"mobile\":10,\"smobile\":10}'><\/div><\/div><\/div><\/div><\/div><div class=\"vc_row-full-width vc_clearfix\"><\/div>\n<\/div>","protected":false},"excerpt":{"rendered":"Coworking in the center of Madrid A coworking space tailored to your needs, whether you&#039;re an SME, a young entrepreneur, or a growing startup. Bright, well-equipped, and welcoming coworking spaces in Chamber\u00ed, in the center of Madrid. These are the shared workspaces we have for you. Work with","protected":false},"author":2,"featured_media":0,"parent":0,"menu_order":0,"comment_status":"closed","ping_status":"closed","template":"","meta":{"_joinchat":[],"footnotes":""},"class_list":["post-28","page","type-page","status-publish","hentry"],"yoast_head":"<!-- This site is optimized with the Yoast SEO plugin v27.4 - https:\/\/yoast.com\/product\/yoast-seo-wordpress\/ -->\n<title>Coworking en Madrid Centro - ILCOWORKING &amp; SERVICIOS LEGALES<\/title>\n<meta name=\"description\" content=\"Coworking en el centro de Madrid: Un espacio de trabajo flexible adaptado a tus necesidades. Alquila por meses, semanas o d\u00edas.\" \/>\n<meta name=\"robots\" content=\"index, follow, max-snippet:-1, max-image-preview:large, max-video-preview:-1\" \/>\n<link rel=\"canonical\" href=\"https:\/\/ilcoworking.es\/en\/coworking-madrid\/\" \/>\n<meta property=\"og:locale\" content=\"en_GB\" \/>\n<meta property=\"og:type\" content=\"article\" \/>\n<meta property=\"og:title\" content=\"Coworking en Madrid Centro - ILCOWORKING &amp; SERVICIOS LEGALES\" \/>\n<meta property=\"og:description\" content=\"Coworking en el centro de Madrid: Un espacio de trabajo flexible adaptado a tus necesidades. Alquila por meses, semanas o d\u00edas.\" \/>\n<meta property=\"og:url\" content=\"https:\/\/ilcoworking.es\/en\/coworking-madrid\/\" \/>\n<meta property=\"og:site_name\" content=\"ILCOWORKING &amp; SERVICIOS LEGALES\" \/>\n<meta property=\"article:modified_time\" content=\"2025-03-12T08:39:08+00:00\" \/>\n<meta name=\"twitter:card\" content=\"summary_large_image\" \/>\n<meta name=\"twitter:label1\" content=\"Estimated reading time\" \/>\n\t<meta name=\"twitter:data1\" content=\"8 minutes\" \/>\n<script type=\"application\/ld+json\" class=\"yoast-schema-graph\">{\"@context\":\"https:\\\/\\\/schema.org\",\"@graph\":[{\"@type\":\"WebPage\",\"@id\":\"https:\\\/\\\/ilcoworking.es\\\/coworking-madrid\\\/\",\"url\":\"https:\\\/\\\/ilcoworking.es\\\/coworking-madrid\\\/\",\"name\":\"Coworking en Madrid Centro - ILCOWORKING &amp; SERVICIOS LEGALES\",\"isPartOf\":{\"@id\":\"https:\\\/\\\/ilcoworking.es\\\/#website\"},\"datePublished\":\"2020-06-11T07:27:50+00:00\",\"dateModified\":\"2025-03-12T08:39:08+00:00\",\"description\":\"Coworking en el centro de Madrid: Un espacio de trabajo flexible adaptado a tus necesidades. Alquila por meses, semanas o d\u00edas.\",\"breadcrumb\":{\"@id\":\"https:\\\/\\\/ilcoworking.es\\\/coworking-madrid\\\/#breadcrumb\"},\"inLanguage\":\"en-GB\",\"potentialAction\":[{\"@type\":\"ReadAction\",\"target\":[\"https:\\\/\\\/ilcoworking.es\\\/coworking-madrid\\\/\"]}]},{\"@type\":\"BreadcrumbList\",\"@id\":\"https:\\\/\\\/ilcoworking.es\\\/coworking-madrid\\\/#breadcrumb\",\"itemListElement\":[{\"@type\":\"ListItem\",\"position\":1,\"name\":\"Portada\",\"item\":\"https:\\\/\\\/ilcoworking.es\\\/\"},{\"@type\":\"ListItem\",\"position\":2,\"name\":\"Coworking\"}]},{\"@type\":\"WebSite\",\"@id\":\"https:\\\/\\\/ilcoworking.es\\\/#website\",\"url\":\"https:\\\/\\\/ilcoworking.es\\\/\",\"name\":\"ILCOWORKING &amp; SERVICIOS LEGALES\",\"description\":\"Cowork &amp; Servicios Legales\",\"publisher\":{\"@id\":\"https:\\\/\\\/ilcoworking.es\\\/#organization\"},\"potentialAction\":[{\"@type\":\"SearchAction\",\"target\":{\"@type\":\"EntryPoint\",\"urlTemplate\":\"https:\\\/\\\/ilcoworking.es\\\/?s={search_term_string}\"},\"query-input\":{\"@type\":\"PropertyValueSpecification\",\"valueRequired\":true,\"valueName\":\"search_term_string\"}}],\"inLanguage\":\"en-GB\"},{\"@type\":\"Organization\",\"@id\":\"https:\\\/\\\/ilcoworking.es\\\/#organization\",\"name\":\"ILCOWORKING &amp; SERVICIOS LEGALES\",\"url\":\"https:\\\/\\\/ilcoworking.es\\\/\",\"logo\":{\"@type\":\"ImageObject\",\"inLanguage\":\"en-GB\",\"@id\":\"https:\\\/\\\/ilcoworking.es\\\/#\\\/schema\\\/logo\\\/image\\\/\",\"url\":\"\",\"contentUrl\":\"\",\"caption\":\"ILCOWORKING &amp; SERVICIOS LEGALES\"},\"image\":{\"@id\":\"https:\\\/\\\/ilcoworking.es\\\/#\\\/schema\\\/logo\\\/image\\\/\"}}]}<\/script>\n<!-- \/ Yoast SEO plugin. -->","yoast_head_json":{"title":"Coworking in Madrid City Center - ILCOWORKING &amp; LEGAL SERVICES","description":"Coworking in the center of Madrid: A flexible workspace tailored to your needs. Rent by the month, week, or day.","robots":{"index":"index","follow":"follow","max-snippet":"max-snippet:-1","max-image-preview":"max-image-preview:large","max-video-preview":"max-video-preview:-1"},"canonical":"https:\/\/ilcoworking.es\/en\/coworking-madrid\/","og_locale":"en_GB","og_type":"article","og_title":"Coworking en Madrid Centro - ILCOWORKING &amp; SERVICIOS LEGALES","og_description":"Coworking en el centro de Madrid: Un espacio de trabajo flexible adaptado a tus necesidades. Alquila por meses, semanas o d\u00edas.","og_url":"https:\/\/ilcoworking.es\/en\/coworking-madrid\/","og_site_name":"ILCOWORKING &amp; SERVICIOS LEGALES","article_modified_time":"2025-03-12T08:39:08+00:00","twitter_card":"summary_large_image","twitter_misc":{"Estimated reading time":"8 minutes"},"schema":{"@context":"https:\/\/schema.org","@graph":[{"@type":"WebPage","@id":"https:\/\/ilcoworking.es\/coworking-madrid\/","url":"https:\/\/ilcoworking.es\/coworking-madrid\/","name":"Coworking in Madrid City Center - ILCOWORKING &amp; LEGAL SERVICES","isPartOf":{"@id":"https:\/\/ilcoworking.es\/#website"},"datePublished":"2020-06-11T07:27:50+00:00","dateModified":"2025-03-12T08:39:08+00:00","description":"Coworking in the center of Madrid: A flexible workspace tailored to your needs. Rent by the month, week, or day.","breadcrumb":{"@id":"https:\/\/ilcoworking.es\/coworking-madrid\/#breadcrumb"},"inLanguage":"en-GB","potentialAction":[{"@type":"ReadAction","target":["https:\/\/ilcoworking.es\/coworking-madrid\/"]}]},{"@type":"BreadcrumbList","@id":"https:\/\/ilcoworking.es\/coworking-madrid\/#breadcrumb","itemListElement":[{"@type":"ListItem","position":1,"name":"Portada","item":"https:\/\/ilcoworking.es\/"},{"@type":"ListItem","position":2,"name":"Coworking"}]},{"@type":"WebSite","@id":"https:\/\/ilcoworking.es\/#website","url":"https:\/\/ilcoworking.es\/","name":"ILCOWORKING &amp; LEGAL SERVICES","description":"Cowork &amp; Legal Services","publisher":{"@id":"https:\/\/ilcoworking.es\/#organization"},"potentialAction":[{"@type":"SearchAction","target":{"@type":"EntryPoint","urlTemplate":"https:\/\/ilcoworking.es\/?s={search_term_string}"},"query-input":{"@type":"PropertyValueSpecification","valueRequired":true,"valueName":"search_term_string"}}],"inLanguage":"en-GB"},{"@type":"Organization","@id":"https:\/\/ilcoworking.es\/#organization","name":"ILCOWORKING &amp; LEGAL SERVICES","url":"https:\/\/ilcoworking.es\/","logo":{"@type":"ImageObject","inLanguage":"en-GB","@id":"https:\/\/ilcoworking.es\/#\/schema\/logo\/image\/","url":"","contentUrl":"","caption":"ILCOWORKING &amp; SERVICIOS LEGALES"},"image":{"@id":"https:\/\/ilcoworking.es\/#\/schema\/logo\/image\/"}}]}},"_links":{"self":[{"href":"https:\/\/ilcoworking.es\/en\/wp-json\/wp\/v2\/pages\/28","targetHints":{"allow":["GET"]}}],"collection":[{"href":"https:\/\/ilcoworking.es\/en\/wp-json\/wp\/v2\/pages"}],"about":[{"href":"https:\/\/ilcoworking.es\/en\/wp-json\/wp\/v2\/types\/page"}],"author":[{"embeddable":true,"href":"https:\/\/ilcoworking.es\/en\/wp-json\/wp\/v2\/users\/2"}],"replies":[{"embeddable":true,"href":"https:\/\/ilcoworking.es\/en\/wp-json\/wp\/v2\/comments?post=28"}],"version-history":[{"count":194,"href":"https:\/\/ilcoworking.es\/en\/wp-json\/wp\/v2\/pages\/28\/revisions"}],"predecessor-version":[{"id":4245,"href":"https:\/\/ilcoworking.es\/en\/wp-json\/wp\/v2\/pages\/28\/revisions\/4245"}],"wp:attachment":[{"href":"https:\/\/ilcoworking.es\/en\/wp-json\/wp\/v2\/media?parent=28"}],"curies":[{"name":"wp","href":"https:\/\/api.w.org\/{rel}","templated":true}]}}